{"id":4406,"date":"2018-02-09T14:05:20","date_gmt":"2018-02-09T12:05:20","guid":{"rendered":"http:\/\/site0-sntfc.westeurope.cloudapp.azure.com\/?page_id=4406"},"modified":"2025-09-23T08:39:08","modified_gmt":"2025-09-23T06:39:08","slug":"management","status":"publish","type":"page","link":"https:\/\/www.cfrcalatori.ro\/en\/management\/","title":{"rendered":"Management"},"content":{"rendered":"<p>&nbsp;<\/p>\n<div id=\"accordion\" role=\"tablist\">\n<div class=\"card\">\n<div id=\"headingOne\" class=\"card-header\" role=\"tab\">\n<h5 class=\"mb-0\"><a role=\"button\" href=\"#collapseOne\" aria-expanded=\"false\" aria-controls=\"collapseOne\" data-toggle=\"collapse\">Executive management <i class=\"fa fa-plus\" aria-hidden=\"true\"><\/i><\/a><\/h5>\n<\/div>\n<div id=\"collapseOne\" class=\"collapse\" role=\"tabpanel\" aria-labelledby=\"headingOne\" data-parent=\"#accordion\">\n<div class=\"card-body\">\n<div class=\"row\">\n<div class=\"col-12 col-sm-12 col-lg-12\">\n<div class=\"membru\">\n<div class=\"info\">\n<h2>Traian Preoteasa<\/h2>\n<h3>General Manager | since 23.10.2023 until 13.02.2027<!-- | without political affiliation--><\/h3>\n<div><a class=\"btn btn-primary\" href=\"https:\/\/www.cfrcalatori.ro\/wp-content\/uploads\/2023\/02\/CV-PREOTEASA-Traian-1.pdf\" target=\"_blank\" rel=\"noopener\"><i class=\"fa fa-address-card-o\" aria-hidden=\"true\"><\/i> Download CV\u00a0<\/a><\/div>\n<\/div>\n<\/div>\n<\/div>\n<div class=\"col-12 col-sm-12 col-lg-6\">\n<div class=\"membru\">\n<div class=\"info\">\n<h2>Mihail Victor Manole<\/h2>\n<h3>Director General Adjunct Sector Exploatare &#8211; Material Rulant | since 01.04.2024<\/h3>\n<div><a class=\"btn btn-primary\" href=\"https:\/\/www.cfrcalatori.ro\/wp-content\/uploads\/2025\/03\/CV-MANOLE-MIHAIL-VICTOR-12.03.pdf\" target=\"_blank\" rel=\"noopener\"><i class=\"fa fa-address-card-o\" aria-hidden=\"true\"><\/i> Descarc\u0103 CV <\/a><\/div>\n<\/div>\n<\/div>\n<\/div>\n<div class=\"col-12 col-sm-12 col-lg-6\">\n<div class=\"membru\">\n<div class=\"info\">\n<h2>C\u0103lin Teodor Vod\u0103<\/h2>\n<h3>Director General Adjunct Sector Comercial &#8211; Marketing | since 29.05.2024<\/h3>\n<div><a class=\"btn btn-primary\" href=\"https:\/\/www.cfrcalatori.ro\/wp-content\/uploads\/2024\/05\/CV-Voda-Calin-Teodor.pdf\" target=\"_blank\" rel=\"noopener\"><i class=\"fa fa-address-card-o\" aria-hidden=\"true\"><\/i> Descarc\u0103 CV <\/a><\/div>\n<\/div>\n<\/div>\n<\/div>\n<div class=\"col-12 col-sm-12 col-lg-6\">\n<div class=\"membru\">\n<div class=\"info\">\n<h2>Dorin Mitan<\/h2>\n<h3>Director Direc\u021bia Strategie &#8211; Dezvoltare | since 01.02.2025<\/h3>\n<div><a class=\"btn btn-primary\" href=\"https:\/\/www.cfrcalatori.ro\/wp-content\/uploads\/2025\/03\/CV-Dorin-Mitan-martie-2025-1.pdf\" target=\"_blank\" rel=\"noopener\"><i class=\"fa fa-address-card-o\" aria-hidden=\"true\"><\/i> Descarc\u0103 CV <\/a><\/div>\n<\/div>\n<\/div>\n<\/div>\n<div class=\"col-12 col-sm-12 col-lg-6\">\n<div class=\"membru\">\n<div class=\"info\">\n<h2>Aida Hanganu<\/h2>\n<h3>Director Financiar &#8211; Contabil | since 23.10.2023 until 13.02.2027<\/h3>\n<div><a class=\"btn btn-primary\" href=\"https:\/\/www.cfrcalatori.ro\/wp-content\/uploads\/2024\/04\/CV-Hanganu-Aida-european-modificat-05092023.pdf\" target=\"_blank\" rel=\"noopener\"><i class=\"fa fa-address-card-o\" aria-hidden=\"true\"><\/i> Descarc\u0103 CV <\/a><\/div>\n<\/div>\n<\/div>\n<\/div>\n<div class=\"col-12 col-sm-12 col-lg-6\">\n<div class=\"membru\">\n<div class=\"info\">\n<h2>Mircea Lucian \u0218erbu<\/h2>\n<h3>Director Direc\u021bia Achizi\u021bii | since 01.04.2024<\/h3>\n<div><a class=\"btn btn-primary\" href=\"https:\/\/www.cfrcalatori.ro\/wp-content\/uploads\/2024\/05\/CV-Serbu-Mircea-Lucian.pdf\" target=\"_blank\" rel=\"noopener\"><i class=\"fa fa-address-card-o\" aria-hidden=\"true\"><\/i> Descarc\u0103 CV <\/a><\/div>\n<\/div>\n<\/div>\n<\/div>\n<div class=\"col-12 col-sm-12 col-lg-6\">\n<div class=\"membru\">\n<div class=\"info\">\n<h2>Viorel \u0218tefan Condruz<\/h2>\n<h3>Director Direc\u021bia Tehnic | since 01.04.2024<\/h3>\n<div><a class=\"btn btn-primary\" href=\"https:\/\/www.cfrcalatori.ro\/wp-content\/uploads\/2025\/03\/CV-Condruz-Viorel-13.03.2025-1.pdf\" target=\"_blank\" rel=\"noopener\"><i class=\"fa fa-address-card-o\" aria-hidden=\"true\"><\/i> Descarc\u0103 CV <\/a><\/div>\n<\/div>\n<\/div>\n<\/div>\n<div class=\"col-12 col-sm-12 col-lg-6\">\n<div class=\"membru\">\n<div class=\"info\">\n<h2>Sorin Ionu\u021b Preda<\/h2>\n<h3>Director Direc\u021bia Comercial | since 30.05.2024<\/h3>\n<div><a class=\"btn btn-primary\" href=\"https:\/\/www.cfrcalatori.ro\/wp-content\/uploads\/2025\/03\/CV-Sorin-Ionut-Preda_10.03.2025-1.pdf\" target=\"_blank\" rel=\"noopener\"><i class=\"fa fa-address-card-o\" aria-hidden=\"true\"><\/i> Descarc\u0103 CV <\/a><\/div>\n<\/div>\n<\/div>\n<\/div>\n<div class=\"col-12 col-sm-12 col-lg-6\">\n<div class=\"membru\">\n<div class=\"info\">\n<h2>Carmen Andreea Iliescu<\/h2>\n<h3>Director Direc\u021bia Marketing | since 01.04.2024<\/h3>\n<div><a class=\"btn btn-primary\" href=\"https:\/\/www.cfrcalatori.ro\/wp-content\/uploads\/2024\/05\/CV-Carmen-Andreea-Iliescu-2024.pdf\" target=\"_blank\" rel=\"noopener\"><i class=\"fa fa-address-card-o\" aria-hidden=\"true\"><\/i> Descarc\u0103 CV <\/a><\/div>\n<\/div>\n<\/div>\n<\/div>\n<div class=\"col-12 col-sm-12 col-lg-6\">\n<div class=\"membru\">\n<div class=\"info\">\n<h2>Robert P\u0103storel Ni\u021b\u0103<\/h2>\n<h3>Director Direc\u021bia Exploatare | since 01.04.2024<\/h3>\n<div><a class=\"btn btn-primary\" href=\"https:\/\/www.cfrcalatori.ro\/wp-content\/uploads\/2024\/07\/CV-NITA-ROBERT-2024-002.pdf\" target=\"_blank\" rel=\"noopener\"><i class=\"fa fa-address-card-o\" aria-hidden=\"true\"><\/i> Descarc\u0103 CV <\/a><\/div>\n<\/div>\n<\/div>\n<\/div>\n<div class=\"col-12 col-sm-12 col-lg-6\">\n<div class=\"membru\">\n<div class=\"info\">\n<h2>Marian Mihai<\/h2>\n<h3>Director Direc\u021bia Material Rulant | since 01.04.2024<\/h3>\n<div><a class=\"btn btn-primary\" href=\"https:\/\/www.cfrcalatori.ro\/wp-content\/uploads\/2025\/03\/CV-MIHAI-MARIAN-1.pdf\" target=\"_blank\" rel=\"noopener\"><i class=\"fa fa-address-card-o\" aria-hidden=\"true\"><\/i> Descarc\u0103 CV <\/a><\/div>\n<\/div>\n<\/div>\n<\/div>\n<div class=\"col-12 col-sm-12 col-lg-6\">\n<div class=\"membru\">\n<div class=\"info\">\n<h2>Elena C\u0103t\u0103lina Sertu<\/h2>\n<h3>Director Direc\u021bia Financiar | since 01.04.2024<\/h3>\n<div><a class=\"btn btn-primary\" href=\"https:\/\/www.cfrcalatori.ro\/wp-content\/uploads\/2024\/05\/CV-Sertu-Catalina.pdf\" target=\"_blank\" rel=\"noopener\"><i class=\"fa fa-address-card-o\" aria-hidden=\"true\"><\/i> Descarc\u0103 CV <\/a><\/div>\n<\/div>\n<\/div>\n<\/div>\n<div class=\"col-12 col-sm-12 col-lg-6\">\n<div class=\"membru\">\n<div class=\"info\">\n<h2>Petri\u0219or Nicolae<\/h2>\n<h3>Revizor General Siguran\u021ba Circula\u021biei | since 16.11.2021<\/h3>\n<div><a class=\"btn btn-primary\" href=\"https:\/\/www.cfrcalatori.ro\/wp-content\/uploads\/2024\/04\/CV-Nicolae-Petrisor.pdf\" target=\"_blank\" rel=\"noopener\"><i class=\"fa fa-address-card-o\" aria-hidden=\"true\"><\/i> Descarc\u0103 CV <\/a><\/div>\n<\/div>\n<\/div>\n<\/div>\n<\/div>\n<\/div>\n<\/div>\n<\/div>\n<div class=\"card\">\n<div id=\"headingTwo\" class=\"card-header\" role=\"tab\">\n<h5 class=\"mb-0\"><a class=\"collapsed\" role=\"button\" href=\"#collapseTwo\" aria-expanded=\"false\" aria-controls=\"collapseTwo\" data-toggle=\"collapse\">Branch managers <i class=\"fa fa-plus\" aria-hidden=\"true\"><\/i><\/a><\/h5>\n<\/div>\n<div id=\"collapseTwo\" class=\"collapse\" role=\"tabpanel\" aria-labelledby=\"headingTwo\" data-parent=\"#accordion\">\n<div class=\"card-body\">\n<div class=\"row\">\n<div class=\"col-12 col-sm-12 col-lg-6\">\n<div class=\"membru\">\n<div class=\"info\">\n<h2>Fr\u00e2nculescu \u0218tefan Ciprian<\/h2>\n<h3>Bucharest Branch Director | since 01.08.2024<\/h3>\n<div><a class=\"btn btn-primary\" href=\"https:\/\/www.cfrcalatori.ro\/wp-content\/uploads\/2024\/08\/CV-FRANCULESCU-STEFAN-CIPRIAN.pdf\" target=\"_blank\" rel=\"noopener\"><i class=\"fa fa-address-card-o\" aria-hidden=\"true\"><\/i> Download CV <\/a><\/div>\n<\/div>\n<\/div>\n<\/div>\n<div class=\"col-12 col-sm-12 col-lg-6\">\n<div class=\"membru\">\n<div class=\"info\">\n<h2>Dragot\u0103 Eugen C\u0103t\u0103lin<\/h2>\n<h3>Craiova Branch Director | since 16.01.2025<\/h3>\n<div><a class=\"btn btn-primary\" href=\"https:\/\/www.cfrcalatori.ro\/wp-content\/uploads\/2025\/01\/CV-Dragota-Catalin-2025.pdf\" target=\"_blank\" rel=\"noopener\"><i class=\"fa fa-address-card-o\" aria-hidden=\"true\"><\/i> Download CV\u00a0<\/a><\/div>\n<\/div>\n<\/div>\n<\/div>\n<div class=\"col-12 col-sm-12 col-lg-6\">\n<div class=\"membru\">\n<div class=\"info\">\n<h2>Popa Simion Ciprian<\/h2>\n<h3>Timisoara Branch Director | since 12.08.2025<\/h3>\n<div><a class=\"btn btn-primary\" href=\"https:\/\/www.cfrcalatori.ro\/wp-content\/uploads\/2025\/08\/Europass-CV-popa-002-1.pdf\" target=\"_blank\" rel=\"noopener\"><i class=\"fa fa-address-card-o\" aria-hidden=\"true\"><\/i> Download CV\u00a0<\/a><\/div>\n<\/div>\n<\/div>\n<\/div>\n<div class=\"col-12 col-sm-12 col-lg-6\">\n<div class=\"membru\">\n<div class=\"info\">\n<h2>Stanca Ioana Camelia<\/h2>\n<h3>Cluj Branch Director | since 25.11.2024 <span style=\"color: #ffffff;\">since<\/span><\/h3>\n<div><a class=\"btn btn-primary\" href=\"https:\/\/www.cfrcalatori.ro\/wp-content\/uploads\/2025\/03\/CV-Stanca-Ioana-Camelia-director-SRTFC-CLUJ-1.pdf\" target=\"_blank\" rel=\"noopener\"><i class=\"fa fa-address-card-o\" aria-hidden=\"true\"><\/i> Download CV\u00a0<\/a><\/div>\n<\/div>\n<\/div>\n<\/div>\n<div class=\"col-12 col-sm-12 col-lg-6\">\n<div class=\"membru\">\n<div class=\"info\">\n<h2>C\u00eerjan Gheorghe R\u0103zvan<\/h2>\n<h3>Brasov Branch Director | since 13.09.2024<\/h3>\n<div><a class=\"btn btn-primary\" href=\"https:\/\/www.cfrcalatori.ro\/wp-content\/uploads\/2025\/09\/CV-CIRJAN-GHEORGHE-RAZVAN-DIRECTOR-SRTFC-BRASOV.pdf\" target=\"_blank\" rel=\"noopener\"><i class=\"fa fa-address-card-o\" aria-hidden=\"true\"><\/i> Download CV\u00a0<\/a><\/div>\n<\/div>\n<\/div>\n<\/div>\n<div class=\"col-12 col-sm-12 col-lg-6\">\n<div class=\"membru\">\n<div class=\"info\">\n<h2>Axinia Constantin<\/h2>\n<h3>Iasi Branch Director | since 24.06.2025<\/h3>\n<div><a class=\"btn btn-primary\" href=\"#\" target=\"_blank\" rel=\"noopener\"><i class=\"fa fa-address-card-o\" aria-hidden=\"true\"><\/i> Download CV\u00a0<\/a><\/div>\n<\/div>\n<\/div>\n<\/div>\n<div class=\"col-12 col-sm-12 col-lg-6\">\n<div class=\"membru\">\n<div class=\"info\">\n<h2>Profir Marian<\/h2>\n<h3>Galati Branch Director | since 19.09.2022<\/h3>\n<div><a class=\"btn btn-primary\" href=\"https:\/\/www.cfrcalatori.ro\/wp-content\/uploads\/2025\/03\/CV-PROFIR-MARIAN-fara-poza-2025-director-SRTFC-GALATI-1.pdf\" target=\"_blank\" rel=\"noopener\"><i class=\"fa fa-address-card-o\" aria-hidden=\"true\"><\/i> Download CV\u00a0<\/a><\/div>\n<\/div>\n<\/div>\n<\/div>\n<div class=\"col-12 col-sm-12 col-lg-6\">\n<div class=\"membru\">\n<div class=\"info\">\n<h2>Gavril\u0103 Niculae Aura\u015f<\/h2>\n<h3>Constanta Branch Director | since 24.12.2020<\/h3>\n<div><a class=\"btn btn-primary\" href=\"https:\/\/www.cfrcalatori.ro\/wp-content\/uploads\/2025\/03\/CV-GAVRILA-NICULAE-AURAS-director-SRTFC-Constanta-1.pdf\" target=\"_blank\" rel=\"noopener\"><i class=\"fa fa-address-card-o\" aria-hidden=\"true\"><\/i> Download CV\u00a0<\/a><\/div>\n<\/div>\n<\/div>\n<\/div>\n<\/div>\n<\/div>\n<\/div>\n<\/div>\n","protected":false},"excerpt":{"rendered":"<p>&nbsp; Executive management Traian Preoteasa General Manager | since 23.10.2023 until 13.02.2027 Download CV\u00a0 Mihail Victor Manole Director General Adjunct Sector Exploatare &#8211; Material Rulant | since 01.04.2024 Descarc\u0103 CV C\u0103lin Teodor Vod\u0103 Director General Adjunct Sector Comercial &#8211; Marketing | since 29.05.2024 Descarc\u0103 CV Dorin Mitan Director Direc\u021bia Strategie &#8211; Dezvoltare | since 01.02.2025 Descarc\u0103 CV Aida Hanganu Director Financiar &#8211; Contabil | since 23.10.2023 until 13.02.2027 Descarc\u0103 CV Mircea Lucian \u0218erbu Director Direc\u021bia Achizi\u021bii | since 01.04.2024 Descarc\u0103 CV Viorel \u0218tefan Condruz Director Direc\u021bia Tehnic | since 01.04.2024 Descarc\u0103 CV Sorin Ionu\u021b Preda Director Direc\u021bia Comercial | since 30.05.2024 Descarc\u0103 CV Carmen Andreea Iliescu Director Direc\u021bia Marketing | since 01.04.2024 Descarc\u0103 CV Robert P\u0103storel Ni\u021b\u0103 Director Direc\u021bia Exploatare | since 01.04.2024 Descarc\u0103 CV&#8230;<\/p>\n","protected":false},"author":47,"featured_media":0,"parent":0,"menu_order":0,"comment_status":"closed","ping_status":"closed","template":"comercial.php","meta":{"_acf_changed":false,"footnotes":""},"class_list":["post-4406","page","type-page","status-publish","hentry"],"acf":[],"yoast_head":"<!-- This site is optimized with the Yoast SEO plugin v27.0 - https:\/\/yoast.com\/product\/yoast-seo-wordpress\/ -->\n<title>Management CFR C\u0103l\u0103tori<\/title>\n<meta name=\"robots\" content=\"index, follow, max-snippet:-1, max-image-preview:large, max-video-preview:-1\" \/>\n<link rel=\"canonical\" href=\"https:\/\/www.cfrcalatori.ro\/en\/management\/\" \/>\n<meta property=\"og:locale\" content=\"en_US\" \/>\n<meta property=\"og:type\" content=\"article\" \/>\n<meta property=\"og:title\" content=\"Management CFR C\u0103l\u0103tori\" \/>\n<meta property=\"og:description\" content=\"&nbsp; Executive management Traian Preoteasa General Manager | since 23.10.2023 until 13.02.2027 Download CV\u00a0 Mihail Victor Manole Director General Adjunct Sector Exploatare &#8211; Material Rulant | since 01.04.2024 Descarc\u0103 CV C\u0103lin Teodor Vod\u0103 Director General Adjunct Sector Comercial &#8211; Marketing | since 29.05.2024 Descarc\u0103 CV Dorin Mitan Director Direc\u021bia Strategie &#8211; Dezvoltare | since 01.02.2025 Descarc\u0103 CV Aida Hanganu Director Financiar &#8211; Contabil | since 23.10.2023 until 13.02.2027 Descarc\u0103 CV Mircea Lucian \u0218erbu Director Direc\u021bia Achizi\u021bii | since 01.04.2024 Descarc\u0103 CV Viorel \u0218tefan Condruz Director Direc\u021bia Tehnic | since 01.04.2024 Descarc\u0103 CV Sorin Ionu\u021b Preda Director Direc\u021bia Comercial | since 30.05.2024 Descarc\u0103 CV Carmen Andreea Iliescu Director Direc\u021bia Marketing | since 01.04.2024 Descarc\u0103 CV Robert P\u0103storel Ni\u021b\u0103 Director Direc\u021bia Exploatare | since 01.04.2024 Descarc\u0103 CV...\" \/>\n<meta property=\"og:url\" content=\"https:\/\/www.cfrcalatori.ro\/en\/management\/\" \/>\n<meta property=\"og:site_name\" content=\"CFR Calatori\" \/>\n<meta property=\"article:modified_time\" content=\"2025-09-23T06:39:08+00:00\" \/>\n<meta name=\"twitter:card\" content=\"summary_large_image\" \/>\n<meta name=\"twitter:label1\" content=\"Est. reading time\" \/>\n\t<meta name=\"twitter:data1\" content=\"2 minutes\" \/>\n<script type=\"application\/ld+json\" class=\"yoast-schema-graph\">{\"@context\":\"https:\/\/schema.org\",\"@graph\":[{\"@type\":\"WebPage\",\"@id\":\"https:\/\/www.cfrcalatori.ro\/en\/management\/\",\"url\":\"https:\/\/www.cfrcalatori.ro\/en\/management\/\",\"name\":\"Management CFR C\u0103l\u0103tori\",\"isPartOf\":{\"@id\":\"https:\/\/www.cfrcalatori.ro\/en\/#website\"},\"datePublished\":\"2018-02-09T12:05:20+00:00\",\"dateModified\":\"2025-09-23T06:39:08+00:00\",\"breadcrumb\":{\"@id\":\"https:\/\/www.cfrcalatori.ro\/en\/management\/#breadcrumb\"},\"inLanguage\":\"en-US\",\"potentialAction\":[{\"@type\":\"ReadAction\",\"target\":[\"https:\/\/www.cfrcalatori.ro\/en\/management\/\"]}]},{\"@type\":\"BreadcrumbList\",\"@id\":\"https:\/\/www.cfrcalatori.ro\/en\/management\/#breadcrumb\",\"itemListElement\":[{\"@type\":\"ListItem\",\"position\":1,\"name\":\"Home\",\"item\":\"https:\/\/www.cfrcalatori.ro\/en\/\"},{\"@type\":\"ListItem\",\"position\":2,\"name\":\"Management\"}]},{\"@type\":\"WebSite\",\"@id\":\"https:\/\/www.cfrcalatori.ro\/en\/#website\",\"url\":\"https:\/\/www.cfrcalatori.ro\/en\/\",\"name\":\"CFR Calatori\",\"description\":\"CFRCalatori.ro\",\"potentialAction\":[{\"@type\":\"SearchAction\",\"target\":{\"@type\":\"EntryPoint\",\"urlTemplate\":\"https:\/\/www.cfrcalatori.ro\/en\/?s={search_term_string}\"},\"query-input\":{\"@type\":\"PropertyValueSpecification\",\"valueRequired\":true,\"valueName\":\"search_term_string\"}}],\"inLanguage\":\"en-US\"}]}<\/script>\n<!-- \/ Yoast SEO plugin. -->","yoast_head_json":{"title":"Management CFR C\u0103l\u0103tori","robots":{"index":"index","follow":"follow","max-snippet":"max-snippet:-1","max-image-preview":"max-image-preview:large","max-video-preview":"max-video-preview:-1"},"canonical":"https:\/\/www.cfrcalatori.ro\/en\/management\/","og_locale":"en_US","og_type":"article","og_title":"Management CFR C\u0103l\u0103tori","og_description":"&nbsp; Executive management Traian Preoteasa General Manager | since 23.10.2023 until 13.02.2027 Download CV\u00a0 Mihail Victor Manole Director General Adjunct Sector Exploatare &#8211; Material Rulant | since 01.04.2024 Descarc\u0103 CV C\u0103lin Teodor Vod\u0103 Director General Adjunct Sector Comercial &#8211; Marketing | since 29.05.2024 Descarc\u0103 CV Dorin Mitan Director Direc\u021bia Strategie &#8211; Dezvoltare | since 01.02.2025 Descarc\u0103 CV Aida Hanganu Director Financiar &#8211; Contabil | since 23.10.2023 until 13.02.2027 Descarc\u0103 CV Mircea Lucian \u0218erbu Director Direc\u021bia Achizi\u021bii | since 01.04.2024 Descarc\u0103 CV Viorel \u0218tefan Condruz Director Direc\u021bia Tehnic | since 01.04.2024 Descarc\u0103 CV Sorin Ionu\u021b Preda Director Direc\u021bia Comercial | since 30.05.2024 Descarc\u0103 CV Carmen Andreea Iliescu Director Direc\u021bia Marketing | since 01.04.2024 Descarc\u0103 CV Robert P\u0103storel Ni\u021b\u0103 Director Direc\u021bia Exploatare | since 01.04.2024 Descarc\u0103 CV...","og_url":"https:\/\/www.cfrcalatori.ro\/en\/management\/","og_site_name":"CFR Calatori","article_modified_time":"2025-09-23T06:39:08+00:00","twitter_card":"summary_large_image","twitter_misc":{"Est. reading time":"2 minutes"},"schema":{"@context":"https:\/\/schema.org","@graph":[{"@type":"WebPage","@id":"https:\/\/www.cfrcalatori.ro\/en\/management\/","url":"https:\/\/www.cfrcalatori.ro\/en\/management\/","name":"Management CFR C\u0103l\u0103tori","isPartOf":{"@id":"https:\/\/www.cfrcalatori.ro\/en\/#website"},"datePublished":"2018-02-09T12:05:20+00:00","dateModified":"2025-09-23T06:39:08+00:00","breadcrumb":{"@id":"https:\/\/www.cfrcalatori.ro\/en\/management\/#breadcrumb"},"inLanguage":"en-US","potentialAction":[{"@type":"ReadAction","target":["https:\/\/www.cfrcalatori.ro\/en\/management\/"]}]},{"@type":"BreadcrumbList","@id":"https:\/\/www.cfrcalatori.ro\/en\/management\/#breadcrumb","itemListElement":[{"@type":"ListItem","position":1,"name":"Home","item":"https:\/\/www.cfrcalatori.ro\/en\/"},{"@type":"ListItem","position":2,"name":"Management"}]},{"@type":"WebSite","@id":"https:\/\/www.cfrcalatori.ro\/en\/#website","url":"https:\/\/www.cfrcalatori.ro\/en\/","name":"CFR Calatori","description":"CFRCalatori.ro","potentialAction":[{"@type":"SearchAction","target":{"@type":"EntryPoint","urlTemplate":"https:\/\/www.cfrcalatori.ro\/en\/?s={search_term_string}"},"query-input":{"@type":"PropertyValueSpecification","valueRequired":true,"valueName":"search_term_string"}}],"inLanguage":"en-US"}]}},"_links":{"self":[{"href":"https:\/\/www.cfrcalatori.ro\/en\/wp-json\/wp\/v2\/pages\/4406","targetHints":{"allow":["GET"]}}],"collection":[{"href":"https:\/\/www.cfrcalatori.ro\/en\/wp-json\/wp\/v2\/pages"}],"about":[{"href":"https:\/\/www.cfrcalatori.ro\/en\/wp-json\/wp\/v2\/types\/page"}],"author":[{"embeddable":true,"href":"https:\/\/www.cfrcalatori.ro\/en\/wp-json\/wp\/v2\/users\/47"}],"replies":[{"embeddable":true,"href":"https:\/\/www.cfrcalatori.ro\/en\/wp-json\/wp\/v2\/comments?post=4406"}],"version-history":[{"count":0,"href":"https:\/\/www.cfrcalatori.ro\/en\/wp-json\/wp\/v2\/pages\/4406\/revisions"}],"wp:attachment":[{"href":"https:\/\/www.cfrcalatori.ro\/en\/wp-json\/wp\/v2\/media?parent=4406"}],"curies":[{"name":"wp","href":"https:\/\/api.w.org\/{rel}","templated":true}]}}